{"id":4517,"date":"2025-05-30T13:07:31","date_gmt":"2025-05-30T10:07:31","guid":{"rendered":"https:\/\/harveyarasan.com\/?post_type=portfolio&#038;p=4517"},"modified":"2025-05-30T13:15:53","modified_gmt":"2025-05-30T10:15:53","slug":"protection-des-donnees-personnelles-et-securite-de-linformation","status":"publish","type":"portfolio","link":"https:\/\/harveyarasan.com\/fr\/competences\/protection-des-donnees-personnelles-et-securite-de-linformation\/","title":{"rendered":"Protection des Donn\u00e9es Personnelles"},"content":{"rendered":"<p><span style=\"font-weight: 400;\">Nous offrons \u00e0 nos clients un accompagnement complet en mati\u00e8re de conformit\u00e9 et de conseil juridique dans le cadre de la loi turque sur la protection des donn\u00e9es personnelles (KVKK) et du R\u00e8glement g\u00e9n\u00e9ral sur la protection des donn\u00e9es (RGPD). Nous d\u00e9veloppons des solutions \u00e0 la fois th\u00e9oriques et op\u00e9rationnelles, facilement int\u00e9grables aux activit\u00e9s quotidiennes des entreprises, afin de leur permettre de remplir leurs obligations l\u00e9gales et de garantir la s\u00e9curit\u00e9 des donn\u00e9es.<\/span><\/p>\n<h3><b>Mise en conformit\u00e9 strat\u00e9gique au KVKK et au RGPD<\/b><\/h3>\n<ul>\n<li style=\"font-weight: 400;\" aria-level=\"1\"><span style=\"font-weight: 400;\">Assistance \u00e0 la pr\u00e9paration du registre des activit\u00e9s de traitement, en vue de documenter l\u2019ensemble des op\u00e9rations impliquant des donn\u00e9es personnelles.<\/span><\/li>\n<li style=\"font-weight: 400;\" aria-level=\"1\"><span style=\"font-weight: 400;\">Structuration des traitements : identification des cat\u00e9gories de donn\u00e9es, des finalit\u00e9s, des bases l\u00e9gales et des m\u00e9canismes de transfert de donn\u00e9es, en conformit\u00e9 avec le KVKK et le RGPD.<\/span><\/li>\n<li style=\"font-weight: 400;\" aria-level=\"1\"><span style=\"font-weight: 400;\">R\u00e9daction de la documentation requise par la r\u00e9glementation, incluant :<\/span>\n<ul>\n<li style=\"font-weight: 400;\" aria-level=\"2\"><span style=\"font-weight: 400;\">les notes d\u2019information destin\u00e9es aux personnes concern\u00e9es,<\/span><\/li>\n<li style=\"font-weight: 400;\" aria-level=\"2\"><span style=\"font-weight: 400;\">les formulaires de consentement explicite,<\/span><\/li>\n<li style=\"font-weight: 400;\" aria-level=\"2\"><span style=\"font-weight: 400;\">les politiques de confidentialit\u00e9, de conservation et de suppression des donn\u00e9es, et la politique de gestion des cookies.<\/span><\/li>\n<\/ul>\n<\/li>\n<li style=\"font-weight: 400;\" aria-level=\"1\"><span style=\"font-weight: 400;\">R\u00e9daction et analyse des contrats de traitement de donn\u00e9es \u00e0 conclure entre le responsable du traitement et le sous-traitant, afin de s\u00e9curiser les responsabilit\u00e9s respectives.<\/span><\/li>\n<li style=\"font-weight: 400;\" aria-level=\"1\"><span style=\"font-weight: 400;\">Mise en place de protocoles internes d\u2019acc\u00e8s et d\u2019autorisation pour encadrer la gestion des donn\u00e9es personnelles par les collaborateurs.<\/span><\/li>\n<li style=\"font-weight: 400;\" aria-level=\"1\"><span style=\"font-weight: 400;\">Conseil op\u00e9rationnel sur mesure : accompagnement des \u00e9quipes internes dans l\u2019adaptation des pratiques quotidiennes aux exigences du KVKK et du RGPD, avec des solutions concr\u00e8tes et un appui r\u00e9gulier.<\/span><\/li>\n<li style=\"font-weight: 400;\" aria-level=\"1\"><span style=\"font-weight: 400;\">\u00c9valuation juridique des transferts internationaux de donn\u00e9es, avec une analyse des fondements requis tels que le consentement explicite, les d\u00e9cisions d\u2019ad\u00e9quation ou les garanties appropri\u00e9es.<\/span><\/li>\n<\/ul>\n<h3><b>Formations pratiques et actions de sensibilisation<\/b><\/h3>\n<ul>\n<li style=\"font-weight: 400;\" aria-level=\"1\"><span style=\"font-weight: 400;\">Sessions de sensibilisation au KVKK dispens\u00e9es aux collaborateurs, afin de renforcer la compr\u00e9hension des obligations l\u00e9gales et des bonnes pratiques en mati\u00e8re de protection des donn\u00e9es personnelles.<\/span><\/li>\n<li style=\"font-weight: 400;\" aria-level=\"1\"><span style=\"font-weight: 400;\">Formations sur mesure \u00e0 destination des cadres et des \u00e9quipes op\u00e9rationnelles, incluant des ateliers pratiques adapt\u00e9s aux besoins sp\u00e9cifiques de l\u2019entreprise et \u00e0 son environnement de traitement des donn\u00e9es.<\/span><\/li>\n<\/ul>\n<h3><b>Gestion des demandes des personnes concern\u00e9es<\/b><\/h3>\n<ul>\n<li style=\"font-weight: 400;\" aria-level=\"1\"><span style=\"font-weight: 400;\">Assistance dans la gestion des r\u00e9ponses aux demandes des personnes concern\u00e9es.<\/span><\/li>\n<\/ul>\n<h3><b>Plans de r\u00e9ponse aux violations de donn\u00e9es et proc\u00e9dures de notification<\/b><\/h3>\n<ul>\n<li style=\"font-weight: 400;\" aria-level=\"1\"><span style=\"font-weight: 400;\">\u00c9laboration de strat\u00e9gies de r\u00e9ponse rapide en cas de violation de donn\u00e9es \u00e0 caract\u00e8re personnel.<\/span><\/li>\n<li style=\"font-weight: 400;\" aria-level=\"1\"><span style=\"font-weight: 400;\">Pr\u00e9paration des notifications \u00e0 adresser \u00e0 l\u2019Autorit\u00e9 turque de protection des donn\u00e9es ainsi qu\u2019aux personnes concern\u00e9es.<\/span><\/li>\n<li style=\"font-weight: 400;\" aria-level=\"1\"><span style=\"font-weight: 400;\">Assistance dans la gestion des proc\u00e9dures internes li\u00e9es aux incidents de s\u00e9curit\u00e9 des donn\u00e9es.<\/span><\/li>\n<\/ul>\n<h3><b>Repr\u00e9sentation juridique lors des contr\u00f4les et enqu\u00eates<\/b><\/h3>\n<ul>\n<li style=\"font-weight: 400;\" aria-level=\"1\"><span style=\"font-weight: 400;\">Pr\u00e9paration des r\u00e9ponses et m\u00e9moires de d\u00e9fense dans le cadre des enqu\u00eates men\u00e9es par l\u2019Autorit\u00e9 turque de protection des donn\u00e9es<\/span><\/li>\n<li style=\"font-weight: 400;\" aria-level=\"1\"><span style=\"font-weight: 400;\">Accompagnement juridique avant l\u2019\u00e9ventuelle imposition d\u2019une amende : suivi des \u00e9changes avec l\u2019autorit\u00e9 turque de protection des donn\u00e9es et r\u00e9daction des observations.<\/span><\/li>\n<\/ul>\n<h3><b>Contentieux et proc\u00e9dures judiciaires<\/b><\/h3>\n<ul>\n<li style=\"font-weight: 400;\" aria-level=\"1\"><span style=\"font-weight: 400;\">Repr\u00e9sentation juridique dans les actions en responsabilit\u00e9 civile engag\u00e9es \u00e0 la suite d\u2019une violation de donn\u00e9es personnelles, incluant les demandes de r\u00e9paration des pr\u00e9judices mat\u00e9riels et moraux<\/span><\/li>\n<\/ul>\n","protected":false},"excerpt":{"rendered":"<p>Nous offrons \u00e0 nos clients un accompagnement complet en mati\u00e8re de conformit\u00e9 et de conseil juridique dans le cadre de la loi turque sur la protection des donn\u00e9es personnelles (KVKK) et du R\u00e8glement g\u00e9n\u00e9ral sur la protection des donn\u00e9es (RGPD). Nous d\u00e9veloppons des solutions \u00e0 la fois th\u00e9oriques et op\u00e9rationnelles, facilement int\u00e9grables aux activit\u00e9s quotidiennes [&hellip;]<\/p>\n","protected":false},"author":1,"featured_media":2796,"parent":0,"menu_order":0,"template":"","meta":{"_acf_changed":false,"_genesis_hide_title":false,"_genesis_hide_breadcrumbs":false,"_genesis_hide_singular_image":false,"_genesis_hide_footer_widgets":false,"_genesis_custom_body_class":"","_genesis_custom_post_class":"","_genesis_layout":"","footnotes":""},"portfolio-type":[149],"class_list":{"0":"post-4517","1":"portfolio","2":"type-portfolio","3":"status-publish","4":"has-post-thumbnail","6":"portfolio-type-competences-fr","7":"entry"},"acf":[],"yoast_head":"<!-- This site is optimized with the Yoast SEO Premium plugin v23.8 (Yoast SEO v23.8) - https:\/\/yoast.com\/wordpress\/plugins\/seo\/ -->\n<title>Protection des Donn\u00e9es Personnelles -<\/title>\n<meta name=\"description\" content=\"Nous offrons un accompagnement complet en mati\u00e8re de conformit\u00e9 et de conseil juridique sur la protection des donn\u00e9es personnelles.\" \/>\n<meta name=\"robots\" content=\"index, follow, max-snippet:-1, max-image-preview:large, max-video-preview:-1\" \/>\n<link rel=\"canonical\" href=\"https:\/\/harveyarasan.com\/fr\/competences\/protection-des-donnees-personnelles-et-securite-de-linformation\/\" \/>\n<meta property=\"og:locale\" content=\"fr_FR\" \/>\n<meta property=\"og:type\" content=\"article\" \/>\n<meta property=\"og:title\" content=\"Protection des Donn\u00e9es Personnelles\" \/>\n<meta property=\"og:description\" content=\"Nous offrons un accompagnement complet en mati\u00e8re de conformit\u00e9 et de conseil juridique sur la protection des donn\u00e9es personnelles.\" \/>\n<meta property=\"og:url\" content=\"https:\/\/harveyarasan.com\/fr\/competences\/protection-des-donnees-personnelles-et-securite-de-linformation\/\" \/>\n<meta property=\"article:modified_time\" content=\"2025-05-30T10:15:53+00:00\" \/>\n<meta property=\"og:image\" content=\"http:\/\/harveyarasan.com\/wp-content\/uploads\/2020\/04\/curtis-macnewton-vVIwtmqsIuk-unsplash-1024x684.jpg\" \/>\n\t<meta property=\"og:image:width\" content=\"1024\" \/>\n\t<meta property=\"og:image:height\" content=\"684\" \/>\n\t<meta property=\"og:image:type\" content=\"image\/jpeg\" \/>\n<meta name=\"twitter:card\" content=\"summary_large_image\" \/>\n<meta name=\"twitter:label1\" content=\"Dur\u00e9e de lecture estim\u00e9e\" \/>\n\t<meta name=\"twitter:data1\" content=\"4 minutes\" \/>\n<script type=\"application\/ld+json\" class=\"yoast-schema-graph\">{\"@context\":\"https:\/\/schema.org\",\"@graph\":[{\"@type\":\"WebPage\",\"@id\":\"https:\/\/harveyarasan.com\/fr\/competences\/protection-des-donnees-personnelles-et-securite-de-linformation\/\",\"url\":\"https:\/\/harveyarasan.com\/fr\/competences\/protection-des-donnees-personnelles-et-securite-de-linformation\/\",\"name\":\"Protection des Donn\u00e9es Personnelles -\",\"isPartOf\":{\"@id\":\"https:\/\/harveyarasan.com\/fr\/#website\"},\"primaryImageOfPage\":{\"@id\":\"https:\/\/harveyarasan.com\/fr\/competences\/protection-des-donnees-personnelles-et-securite-de-linformation\/#primaryimage\"},\"image\":{\"@id\":\"https:\/\/harveyarasan.com\/fr\/competences\/protection-des-donnees-personnelles-et-securite-de-linformation\/#primaryimage\"},\"thumbnailUrl\":\"https:\/\/harveyarasan.com\/wp-content\/uploads\/2020\/04\/curtis-macnewton-vVIwtmqsIuk-unsplash.jpg\",\"datePublished\":\"2025-05-30T10:07:31+00:00\",\"dateModified\":\"2025-05-30T10:15:53+00:00\",\"description\":\"Nous offrons un accompagnement complet en mati\u00e8re de conformit\u00e9 et de conseil juridique sur la protection des donn\u00e9es personnelles.\",\"breadcrumb\":{\"@id\":\"https:\/\/harveyarasan.com\/fr\/competences\/protection-des-donnees-personnelles-et-securite-de-linformation\/#breadcrumb\"},\"inLanguage\":\"fr-FR\",\"potentialAction\":[{\"@type\":\"ReadAction\",\"target\":[\"https:\/\/harveyarasan.com\/fr\/competences\/protection-des-donnees-personnelles-et-securite-de-linformation\/\"]}]},{\"@type\":\"ImageObject\",\"inLanguage\":\"fr-FR\",\"@id\":\"https:\/\/harveyarasan.com\/fr\/competences\/protection-des-donnees-personnelles-et-securite-de-linformation\/#primaryimage\",\"url\":\"https:\/\/harveyarasan.com\/wp-content\/uploads\/2020\/04\/curtis-macnewton-vVIwtmqsIuk-unsplash.jpg\",\"contentUrl\":\"https:\/\/harveyarasan.com\/wp-content\/uploads\/2020\/04\/curtis-macnewton-vVIwtmqsIuk-unsplash.jpg\",\"width\":4000,\"height\":2672},{\"@type\":\"BreadcrumbList\",\"@id\":\"https:\/\/harveyarasan.com\/fr\/competences\/protection-des-donnees-personnelles-et-securite-de-linformation\/#breadcrumb\",\"itemListElement\":[{\"@type\":\"ListItem\",\"position\":1,\"name\":\"Ana sayfa\",\"item\":\"https:\/\/harveyarasan.com\/fr\/\"},{\"@type\":\"ListItem\",\"position\":2,\"name\":\"Portfolio Items\",\"item\":\"https:\/\/harveyarasan.com\/fr\/competences\/\"},{\"@type\":\"ListItem\",\"position\":3,\"name\":\"Protection des Donn\u00e9es Personnelles\"}]},{\"@type\":\"WebSite\",\"@id\":\"https:\/\/harveyarasan.com\/fr\/#website\",\"url\":\"https:\/\/harveyarasan.com\/fr\/\",\"name\":\"\",\"description\":\"\",\"potentialAction\":[{\"@type\":\"SearchAction\",\"target\":{\"@type\":\"EntryPoint\",\"urlTemplate\":\"https:\/\/harveyarasan.com\/fr\/?s={search_term_string}\"},\"query-input\":{\"@type\":\"PropertyValueSpecification\",\"valueRequired\":true,\"valueName\":\"search_term_string\"}}],\"inLanguage\":\"fr-FR\"}]}<\/script>\n<!-- \/ Yoast SEO Premium plugin. -->","yoast_head_json":{"title":"Protection des Donn\u00e9es Personnelles -","description":"Nous offrons un accompagnement complet en mati\u00e8re de conformit\u00e9 et de conseil juridique sur la protection des donn\u00e9es personnelles.","robots":{"index":"index","follow":"follow","max-snippet":"max-snippet:-1","max-image-preview":"max-image-preview:large","max-video-preview":"max-video-preview:-1"},"canonical":"https:\/\/harveyarasan.com\/fr\/competences\/protection-des-donnees-personnelles-et-securite-de-linformation\/","og_locale":"fr_FR","og_type":"article","og_title":"Protection des Donn\u00e9es Personnelles","og_description":"Nous offrons un accompagnement complet en mati\u00e8re de conformit\u00e9 et de conseil juridique sur la protection des donn\u00e9es personnelles.","og_url":"https:\/\/harveyarasan.com\/fr\/competences\/protection-des-donnees-personnelles-et-securite-de-linformation\/","article_modified_time":"2025-05-30T10:15:53+00:00","og_image":[{"width":1024,"height":684,"url":"http:\/\/harveyarasan.com\/wp-content\/uploads\/2020\/04\/curtis-macnewton-vVIwtmqsIuk-unsplash-1024x684.jpg","type":"image\/jpeg"}],"twitter_card":"summary_large_image","twitter_misc":{"Dur\u00e9e de lecture estim\u00e9e":"4 minutes"},"schema":{"@context":"https:\/\/schema.org","@graph":[{"@type":"WebPage","@id":"https:\/\/harveyarasan.com\/fr\/competences\/protection-des-donnees-personnelles-et-securite-de-linformation\/","url":"https:\/\/harveyarasan.com\/fr\/competences\/protection-des-donnees-personnelles-et-securite-de-linformation\/","name":"Protection des Donn\u00e9es Personnelles -","isPartOf":{"@id":"https:\/\/harveyarasan.com\/fr\/#website"},"primaryImageOfPage":{"@id":"https:\/\/harveyarasan.com\/fr\/competences\/protection-des-donnees-personnelles-et-securite-de-linformation\/#primaryimage"},"image":{"@id":"https:\/\/harveyarasan.com\/fr\/competences\/protection-des-donnees-personnelles-et-securite-de-linformation\/#primaryimage"},"thumbnailUrl":"https:\/\/harveyarasan.com\/wp-content\/uploads\/2020\/04\/curtis-macnewton-vVIwtmqsIuk-unsplash.jpg","datePublished":"2025-05-30T10:07:31+00:00","dateModified":"2025-05-30T10:15:53+00:00","description":"Nous offrons un accompagnement complet en mati\u00e8re de conformit\u00e9 et de conseil juridique sur la protection des donn\u00e9es personnelles.","breadcrumb":{"@id":"https:\/\/harveyarasan.com\/fr\/competences\/protection-des-donnees-personnelles-et-securite-de-linformation\/#breadcrumb"},"inLanguage":"fr-FR","potentialAction":[{"@type":"ReadAction","target":["https:\/\/harveyarasan.com\/fr\/competences\/protection-des-donnees-personnelles-et-securite-de-linformation\/"]}]},{"@type":"ImageObject","inLanguage":"fr-FR","@id":"https:\/\/harveyarasan.com\/fr\/competences\/protection-des-donnees-personnelles-et-securite-de-linformation\/#primaryimage","url":"https:\/\/harveyarasan.com\/wp-content\/uploads\/2020\/04\/curtis-macnewton-vVIwtmqsIuk-unsplash.jpg","contentUrl":"https:\/\/harveyarasan.com\/wp-content\/uploads\/2020\/04\/curtis-macnewton-vVIwtmqsIuk-unsplash.jpg","width":4000,"height":2672},{"@type":"BreadcrumbList","@id":"https:\/\/harveyarasan.com\/fr\/competences\/protection-des-donnees-personnelles-et-securite-de-linformation\/#breadcrumb","itemListElement":[{"@type":"ListItem","position":1,"name":"Ana sayfa","item":"https:\/\/harveyarasan.com\/fr\/"},{"@type":"ListItem","position":2,"name":"Portfolio Items","item":"https:\/\/harveyarasan.com\/fr\/competences\/"},{"@type":"ListItem","position":3,"name":"Protection des Donn\u00e9es Personnelles"}]},{"@type":"WebSite","@id":"https:\/\/harveyarasan.com\/fr\/#website","url":"https:\/\/harveyarasan.com\/fr\/","name":"","description":"","potentialAction":[{"@type":"SearchAction","target":{"@type":"EntryPoint","urlTemplate":"https:\/\/harveyarasan.com\/fr\/?s={search_term_string}"},"query-input":{"@type":"PropertyValueSpecification","valueRequired":true,"valueName":"search_term_string"}}],"inLanguage":"fr-FR"}]}},"_links":{"self":[{"href":"https:\/\/harveyarasan.com\/fr\/wp-json\/wp\/v2\/portfolio\/4517","targetHints":{"allow":["GET"]}}],"collection":[{"href":"https:\/\/harveyarasan.com\/fr\/wp-json\/wp\/v2\/portfolio"}],"about":[{"href":"https:\/\/harveyarasan.com\/fr\/wp-json\/wp\/v2\/types\/portfolio"}],"author":[{"embeddable":true,"href":"https:\/\/harveyarasan.com\/fr\/wp-json\/wp\/v2\/users\/1"}],"version-history":[{"count":6,"href":"https:\/\/harveyarasan.com\/fr\/wp-json\/wp\/v2\/portfolio\/4517\/revisions"}],"predecessor-version":[{"id":4522,"href":"https:\/\/harveyarasan.com\/fr\/wp-json\/wp\/v2\/portfolio\/4517\/revisions\/4522"}],"wp:featuredmedia":[{"embeddable":true,"href":"https:\/\/harveyarasan.com\/fr\/wp-json\/wp\/v2\/media\/2796"}],"wp:attachment":[{"href":"https:\/\/harveyarasan.com\/fr\/wp-json\/wp\/v2\/media?parent=4517"}],"wp:term":[{"taxonomy":"portfolio-type","embeddable":true,"href":"https:\/\/harveyarasan.com\/fr\/wp-json\/wp\/v2\/portfolio-type?post=4517"}],"curies":[{"name":"wp","href":"https:\/\/api.w.org\/{rel}","templated":true}]}}